{"version":"1.0","provider_name":"BusinessParc","provider_url":"https:\/\/www.businessparc.ch\/en\/","title":"F\u00fchrungswechsel im Business Parc | BusinessParc","type":"rich","width":600,"height":338,"html":"<blockquote class=\"wp-embedded-content\" data-secret=\"hNHhrzRq1o\"><a href=\"https:\/\/www.businessparc.ch\/en\/fuehrungswechsel-im-business-parc\/\">F\u00fchrungswechsel im Business Parc<\/a><\/blockquote><iframe sandbox=\"allow-scripts\" security=\"restricted\" src=\"https:\/\/www.businessparc.ch\/en\/fuehrungswechsel-im-business-parc\/embed\/#?secret=hNHhrzRq1o\" width=\"600\" height=\"338\" title=\"&#8220;F\u00fchrungswechsel im Business Parc&#8221; &#8212; BusinessParc\" data-secret=\"hNHhrzRq1o\" frameborder=\"0\" marginwidth=\"0\" marginheight=\"0\" scrolling=\"no\" class=\"wp-embedded-content\"><\/iframe><script type=\"text\/javascript\">\n\/* <![CDATA[ *\/\n\/*! This file is auto-generated *\/\n!function(d,l){\"use strict\";l.querySelector&&d.addEventListener&&\"undefined\"!=typeof URL&&(d.wp=d.wp||{},d.wp.receiveEmbedMessage||(d.wp.receiveEmbedMessage=function(e){var t=e.data;if((t||t.secret||t.message||t.value)&&!\/[^a-zA-Z0-9]\/.test(t.secret)){for(var s,r,n,a=l.querySelectorAll('iframe[data-secret=\"'+t.secret+'\"]'),o=l.querySelectorAll('blockquote[data-secret=\"'+t.secret+'\"]'),c=new RegExp(\"^https?:$\",\"i\"),i=0;i<o.length;i++)o[i].style.display=\"none\";for(i=0;i<a.length;i++)s=a[i],e.source===s.contentWindow&&(s.removeAttribute(\"style\"),\"height\"===t.message?(1e3<(r=parseInt(t.value,10))?r=1e3:~~r<200&&(r=200),s.height=r):\"link\"===t.message&&(r=new URL(s.getAttribute(\"src\")),n=new URL(t.value),c.test(n.protocol))&&n.host===r.host&&l.activeElement===s&&(d.top.location.href=t.value))}},d.addEventListener(\"message\",d.wp.receiveEmbedMessage,!1),l.addEventListener(\"DOMContentLoaded\",function(){for(var e,t,s=l.querySelectorAll(\"iframe.wp-embedded-content\"),r=0;r<s.length;r++)(t=(e=s[r]).getAttribute(\"data-secret\"))||(t=Math.random().toString(36).substring(2,12),e.src+=\"#?secret=\"+t,e.setAttribute(\"data-secret\",t)),e.contentWindow.postMessage({message:\"ready\",secret:t},\"*\")},!1)))}(window,document);\n\/\/# sourceURL=https:\/\/www.businessparc.ch\/wp-includes\/js\/wp-embed.min.js\n\/* ]]> *\/\n<\/script>\n","description":"Der langj\u00e4hrige Gesch\u00e4ftsf\u00fchrer des Business Parc in Reinach, Melchior Buchs, hat dieses Jahr das Pensionsalter erreicht. Er hat sich daher entschieden, k\u00fcrzerzutreten und seine Kr\u00e4fte zugunsten der Gemeinde Reinach zu b\u00fcndeln. Melchior Buchs wird aus diesem Grund die Gesch\u00e4ftsf\u00fchrung an eine Nachfolgerin \u00fcbergeben. \u201eWir bedauern diesen Schritt sehr, zumal wir in ihm eine hervorragende F\u00fchrungskraft ... ...","thumbnail_url":"https:\/\/www.businessparc.ch\/wp-content\/uploads\/2022\/11\/Melchior_Arme_verschraenkt.jpg"}